{"id":231,"date":"2022-07-29T10:27:57","date_gmt":"2022-07-29T10:27:57","guid":{"rendered":"https:\/\/lteminescu.md\/?page_id=231"},"modified":"2022-09-13T07:18:49","modified_gmt":"2022-09-13T07:18:49","slug":"istoria-liceului","status":"publish","type":"page","link":"https:\/\/lteminescu.md\/?page_id=231","title":{"rendered":"Istoria liceului"},"content":{"rendered":"\t\t<div data-elementor-type=\"wp-page\" data-elementor-id=\"231\" class=\"elementor elementor-231\">\n\t\t\t\t\t\t\t\t\t<header class=\"elementor-section elementor-top-section elementor-element elementor-element-c4447b2 elementor-section-height-min-height elementor-section-items-stretch elementor-section-content-middle elementor-section-boxed elementor-section-height-default\" data-id=\"c4447b2\" data-element_type=\"section\" data-settings=\"{&quot;background_background&quot;:&quot;video&quot;,&quot;background_video_link&quot;:&quot;https:\\\/\\\/www.youtube.com\\\/watch?v=MwKH4R1ejsc&quot;,&quot;background_video_start&quot;:14,&quot;background_video_end&quot;:24,&quot;background_play_on_mobile&quot;:&quot;yes&quot;}\">\n\t\t\t\t\t\t\t\t<div class=\"elementor-background-video-container\">\n\t\t\t\t\t\t\t\t\t\t\t\t\t<div class=\"elementor-background-video-embed\"><\/div>\n\t\t\t\t\t\t\t\t\t\t\t\t<\/div>\n\t\t\t\t\t\t\t\t\t<div class=\"elementor-background-overlay\"><\/div>\n\t\t\t\t\t\t\t<div class=\"elementor-container elementor-column-gap-no\">\n\t\t\t\t\t<div class=\"elementor-column elementor-col-100 elementor-top-column elementor-element elementor-element-f859bc4\" data-id=\"f859bc4\" data-element_type=\"column\">\n\t\t\t<div class=\"elementor-widget-wrap elementor-element-populated\">\n\t\t\t\t\t\t\t\t<section class=\"elementor-section elementor-inner-section elementor-element elementor-element-94855ea elementor-section-boxed elementor-section-height-default elementor-section-height-default\" data-id=\"94855ea\" data-element_type=\"section\">\n\t\t\t\t\t\t<div class=\"elementor-container elementor-column-gap-no\">\n\t\t\t\t\t<div class=\"elementor-column elementor-col-100 elementor-inner-column elementor-element elementor-element-21d835d\" data-id=\"21d835d\" data-element_type=\"column\">\n\t\t\t<div class=\"elementor-widget-wrap elementor-element-populated\">\n\t\t\t\t\t\t\t\t<div class=\"elementor-element elementor-element-9a01065 animated-slow elementor-invisible elementor-widget elementor-widget-heading\" data-id=\"9a01065\" data-element_type=\"widget\" data-settings=\"{&quot;_animation&quot;:&quot;fadeInUp&quot;,&quot;_animation_delay&quot;:100}\" data-widget_type=\"heading.default\">\n\t\t\t\t<div class=\"elementor-widget-container\">\n\t\t\t<style>\/*! elementor - v3.6.6 - 08-06-2022 *\/\n.elementor-heading-title{padding:0;margin:0;line-height:1}.elementor-widget-heading .elementor-heading-title[class*=elementor-size-]>a{color:inherit;font-size:inherit;line-height:inherit}.elementor-widget-heading .elementor-heading-title.elementor-size-small{font-size:15px}.elementor-widget-heading .elementor-heading-title.elementor-size-medium{font-size:19px}.elementor-widget-heading .elementor-heading-title.elementor-size-large{font-size:29px}.elementor-widget-heading .elementor-heading-title.elementor-size-xl{font-size:39px}.elementor-widget-heading .elementor-heading-title.elementor-size-xxl{font-size:59px}<\/style><h3 class=\"elementor-heading-title elementor-size-default\">Din istoria liceului<\/h3>\t\t<\/div>\n\t\t\t\t<\/div>\n\t\t\t\t\t<\/div>\n\t\t<\/div>\n\t\t\t\t\t\t\t<\/div>\n\t\t<\/section>\n\t\t\t\t<div class=\"elementor-element elementor-element-39f07bb elementor-widget elementor-widget-heading\" data-id=\"39f07bb\" data-element_type=\"widget\" data-widget_type=\"heading.default\">\n\t\t\t\t<div class=\"elementor-widget-container\">\n\t\t\t<h2 class=\"elementor-heading-title elementor-size-default\">,,\u0218coala este p\u00e2rghia cea mai puternic\u0103 pe care se reazem\u0103 existen\u021ba \u0219i \u00een\u0103l\u021barea neamurilor. \u201d<\/h2>\t\t<\/div>\n\t\t\t\t<\/div>\n\t\t\t\t<div class=\"elementor-element elementor-element-1596fb5 elementor-widget elementor-widget-heading\" data-id=\"1596fb5\" data-element_type=\"widget\" data-widget_type=\"heading.default\">\n\t\t\t\t<div class=\"elementor-widget-container\">\n\t\t\t<h2 class=\"elementor-heading-title elementor-size-default\">G. C\u0103linescu<\/h2>\t\t<\/div>\n\t\t\t\t<\/div>\n\t\t\t\t\t<\/div>\n\t\t<\/div>\n\t\t\t\t\t\t\t<\/div>\n\t\t<\/header>\n\t\t\t\t<section class=\"elementor-section elementor-top-section elementor-element elementor-element-74657ed envato-kit-83-top-0 elementor-section-boxed elementor-section-height-default elementor-section-height-default\" data-id=\"74657ed\" data-element_type=\"section\" data-settings=\"{&quot;background_background&quot;:&quot;classic&quot;}\">\n\t\t\t\t\t\t\t<div class=\"elementor-background-overlay\"><\/div>\n\t\t\t\t\t\t\t<div class=\"elementor-container elementor-column-gap-wide\">\n\t\t\t\t\t<div class=\"elementor-column elementor-col-100 elementor-top-column elementor-element elementor-element-bba3385 elementor-invisible\" data-id=\"bba3385\" data-element_type=\"column\" data-settings=\"{&quot;background_background&quot;:&quot;classic&quot;,&quot;animation&quot;:&quot;fadeIn&quot;,&quot;animation_delay&quot;:10}\">\n\t\t\t<div class=\"elementor-widget-wrap elementor-element-populated\">\n\t\t\t\t\t\t\t\t<div class=\"elementor-element elementor-element-0da078b elementor-widget elementor-widget-text-editor\" data-id=\"0da078b\" data-element_type=\"widget\" data-widget_type=\"text-editor.default\">\n\t\t\t\t<div class=\"elementor-widget-container\">\n\t\t\t<style>\/*! elementor - v3.6.6 - 08-06-2022 *\/\n.elementor-widget-text-editor.elementor-drop-cap-view-stacked .elementor-drop-cap{background-color:#818a91;color:#fff}.elementor-widget-text-editor.elementor-drop-cap-view-framed .elementor-drop-cap{color:#818a91;border:3px solid;background-color:transparent}.elementor-widget-text-editor:not(.elementor-drop-cap-view-default) .elementor-drop-cap{margin-top:8px}.elementor-widget-text-editor:not(.elementor-drop-cap-view-default) .elementor-drop-cap-letter{width:1em;height:1em}.elementor-widget-text-editor .elementor-drop-cap{float:left;text-align:center;line-height:1;font-size:50px}.elementor-widget-text-editor .elementor-drop-cap-letter{display:inline-block}<\/style>\t\t\t\t<p><strong>Liceul Teoretic \u201eMihai Eminescu\u201d<\/strong> a fost fondat \u00a0\u00een anul 1944, ini\u021bial ca \u0219coal\u0103 de \u0219apte ani, iar \u00een 1947, reorganizat \u00een \u0218coala Medie General\u0103 nr.1. Devine mai apoi una dintre cele mai bune institu\u021bii, cu un tezaur bogat de tradi\u021bii frumoase. Ini\u021bial, \u00een anul de studii 1944-1945, \u0218coala Medie ruso-moldoveneasc\u0103 dispunea de dou\u0103zeci de s\u0103li amplasate \u00een diferite cl\u0103diri. Primele l\u0103stare erau d\u0103sc\u0103lite de M. Gurova, E. Zavealova, V. Corcimari, M. Lecari, condu\u0219i de primul director al \u0219colii Andrei Jucovschi. \u00cen anul \u0219colar 1946-1947, institu\u021bia \u00ee\u0219i schimb\u0103 sediul \u00eentr-un depozit de p\u00e2ine, pe teritoriul actualului liceu rus, amplasat pe str. P\u0103cii. Tot \u00een acest timp \u00eencepe construc\u021bia unei noi \u0219coli, fosta \u0218coal\u0103 de Arte, unde \u00eenv\u0103\u021bau clasele ruse, iar cele moldovene\u0219ti, r\u0103m\u00e2n\u00e2nd s\u0103 fac\u0103 ore \u00een acela\u0219 depozit. Prima promo\u021bie format\u0103 din treisprezece elevi a absolvit institu\u021bia de \u00eenv\u0103\u021b\u0103m\u00e2nt\u00a0 \u00een anul \u0219colar 1949-1950. Apoi \u0219coala se transfer\u0103 intr-o cl\u0103dire pe strada P\u0103cii, unde, cu puterile profesorilor \u0219i ale elevilor, au fost realizate lucr\u0103rile de amenajare a blocului. \u00cen anul 1957, \u0219coala trece intr-o cl\u0103dire nou\u0103 cu dou\u0103 nivele, actualul bloc \u201eA\u201d al liceului, av\u00e2nd cincisprezece s\u0103li de clas\u0103 \u0219i o sal\u0103 de sport.<\/p><p>\u0218coala Medie nr.1 a educat o pleiad\u0103 \u00eentreag\u0103 de oameni cu renume. Numai la Spitalul din ora\u0219ul C\u0103u\u0219eni au lucrat, lucreaz\u0103 \u0219i ast\u0103zi fo\u0219tii absolven\u021bi ai \u0219colii nr.1: Vieru T., Botnari P., \u00a0Chimlicenco A., Le\u0219anu Leonid, Flocea Mihail, Cu\u0219nir Petru, Godoroja Vasile, \u0218ve\u021b Ludmila, Ochi\u0219or Mihaela, Ciobanu Mariana, Mocanu Vitalie, Panfilov Alexei, Vasluian Maxim, Niculcea Andriana \u0219i al\u021bii. \u00cen acest context ne amintim de Gogu Vladislav- doctor \u00een \u0219tiin\u021be medicinale, profesor USM \u201eNicolae Testimi\u021beanu\u201d, Ciocoi Lucia, Tatiana Chiriac \u0219i al\u021bii, medici de talie na\u021bional\u0103. Desigur, m\u00e2ndria noastr\u0103 sunt \u0219i fo\u0219tii absolven\u021bi: Petru C\u0103rare- scriitor, Ion Ungureanu &#8212; actorul, regizorul \u0219i ex-ministru al Culturii \u0219i Cultelor, Grigore Grigoriu- actor, Petrencu Anatol- doctor habilitat \u00een \u0219tiin\u021be istorice, profesor universitar, \u0218arov Igor- doctor \u00een istorie, rectorul USM, Nagnibeda-Tverdohleb Tatiana &#8212; \u0219ef la <em>Direc\u021bia <\/em>General\u0103\u00a0<em> Educa\u021bie<\/em>\u00a0Tineret \u0219i Sport a Prim\u0103riei municipiului Chi\u0219in\u0103u, \u00a0Tcacenco Alexandra &#8212; profesor universitar, Petrencu Liuba &#8212; profesor universitar, Platon Liuba &#8212; \u00a0profesor universitar, Epurean Vladimir &#8212; \u0219ef de catedr\u0103 UTM \u201eUrbanism \u0219i Arhitectur\u0103\u201d, Veste Lucia, profesor la USM, \u00a0Bacalin Ludmila- profesor la Colegiul de Informatic\u0103, Valeriu Balan- arhitect, Ilie Gluh- jurnalist Radio Moldova, Tatiana Popa- actri\u021b\u0103, Gogu Igor- economist , Radu Dan- specialist principal la\u00a0<a href=\"https:\/\/www.facebook.com\/mfa.gov.md\">Ministerul Afacerilor Externe \u015fi Integr\u0103rii Europene al Republicii Moldova<\/a>, Boicu Nicolae, Maranciuc Iuliana- jurnali\u0219ti la TV. Printre colegii no\u0219tri avem \u0219i am avut de asemenea absolven\u021bi care, \u00eembr\u0103\u021bi\u0219\u00e2nd profesia de pedagog, au revenit \u00een \u0219coala natal\u0103: Arnaut Elizaveta, Barbaro\u0219 Elizaveta, Zgl\u0103vu\u021b\u0103 Petru, Corneiciuc Ion, Ciobanu Parascovia, Onil\u0103 Tatiana, Beleavcenco Vera, Samciuc Galina, Macarenco Eugenia, Bistri\u021bchi Tamara, Manco\u0219 Vladimir, Godoroja Rita, Vasluian Maria, \u00a0Cu\u0219nir Vladimir, Don\u021bu Svetlana, Don\u021bu Olga, Volo\u0219ciuc Zinaida, Cicala Maria, Viscun Angela, Dragan Olga, Bahcivanji Natalia, Barbaro\u0219 Liliana, Baglaevschi Natalia, Popu\u0219oi Mariana, Ceban Ludmila, Cerga Olga, Ciobanu Viorica, M\u0103rginean Nadejda, Grub\u00eei Lilia, Romanschi Aliona, Covalenco Valentina, Cuzmin Maria, Don\u021bu Ala, \u00a0Diacon Aliona, Orghian Rodica, Turtureanu Liudmila, Cozlov Vera, Savin Olga, Toma Ludmila, \u00a0Lisunova Lidia, Diacon Ludmila, Nimerenco Ludmila, Cucu Efrosinia, Afteni Tamara, G\u00eerjeu Angela, Garaba Taisia, Macovei Ludmila, Julea Gheorghe, Foc\u0219a Aliona, Ero\u0219cenco Elena, Creang\u0103 Irina, etc. Ne m\u00e2ndim cu fiecare elev \u00een parte, care prin voia destinului a \u00eembr\u0103\u021bi\u0219at o profesie dup\u0103 voca\u021bie \u0219i au contribuit la scrierea istoriei liceului nostru, afirm\u00e2ndu-se ca personalitate.<\/p><p><span style=\"font-family: Roboto, sans-serif; font-size: 17px; font-style: normal; font-variant-ligatures: normal; font-variant-caps: normal; font-weight: 400;\">\u00a0 \u00a0\u00a0<\/span><span style=\"font-family: Roboto, sans-serif; font-size: 17px; font-style: normal; font-variant-ligatures: normal; font-variant-caps: normal; font-weight: 400;\">\u00a0<\/span>\u00cen acest r\u0103stimp, colectivul profesoral a reu\u0219it s\u0103 c\u00e2\u0219tige \u00eencrederea societ\u0103\u021bii pentru a ajunge s\u0103 ob\u021bina \u00een anul 2003 statutul de Liceu Teoretic, purt\u0103tor al numelui marelui scriitor rom\u00e2n Mihai Eminescu. \u00cen perioada anilor 1992-2021, acest liceu a fost ghidat de c\u0103tre doamna Lidia Ceban, un manager cu experien\u021b\u0103 \u0219i o personalitate integr\u0103. Actualmente liceul este condus de c\u0103tre doamna Olga Osta\u0219, o persoan\u0103 inteligent\u0103 \u0219i o personalitate puternic\u0103.<\/p><p><span style=\"font-family: Roboto, sans-serif; font-size: 17px; font-style: normal; font-variant-ligatures: normal; font-variant-caps: normal; font-weight: 400;\">\u00a0 \u00a0\u00a0<\/span><span style=\"font-family: Roboto, sans-serif; font-size: 17px; font-style: normal; font-variant-ligatures: normal; font-variant-caps: normal; font-weight: 400;\">\u00a0<\/span>La capitolul \u201cschimbare\u201d, echipa managerial\u0103 \u0219i cadrele didactice se orienteaz\u0103 spre o ajustare la pluralitatea de obiective \u0219i spre o deschidere didactic\u0103, spre o pedagogie a valorilor \u0219i a variet\u0103\u021bii de stiluri. \u00cen formula actual\u0103, liceul \u00eentrune\u0219te circa 1150 de elevi. Orientarea colectivului profesoral al liceului spre consecven\u021b\u0103 \u0219i formare continu\u0103 \u00een activitatea educa\u021bional\u0103 se reflect\u0103 \u00een preg\u0103tirea calitativ\u0103 a elevilor, \u00een cultura \u0219i comportamentul lor.<\/p><p><span style=\"font-family: Roboto, sans-serif; font-size: 17px; font-style: normal; font-variant-ligatures: normal; font-variant-caps: normal; font-weight: 400;\">\u00a0 \u00a0\u00a0<\/span><span style=\"font-family: Roboto, sans-serif; font-size: 17px; font-style: normal; font-variant-ligatures: normal; font-variant-caps: normal; font-weight: 400;\">\u00a0<\/span>\u201cSem\u0103n\u00e2nd gr\u00e2u, vei recolta o dat\u0103; s\u0103dind un copac, vei recolta de zece ori; instruind un popor, vei recolta de o sut\u0103 de ori\u201d este motto-ul dup\u0103 care se conduc profesorii acestui liceu.<\/p><p><span style=\"font-family: Roboto, sans-serif; font-size: 17px; font-style: normal; font-variant-ligatures: normal; font-variant-caps: normal; font-weight: 400;\">\u00a0 \u00a0\u00a0<\/span><span style=\"font-family: Roboto, sans-serif; font-size: 17px; font-style: normal; font-variant-ligatures: normal; font-variant-caps: normal; font-weight: 400;\">\u00a0<\/span>Succesele profesorilor tuturor Comisiilor Metodice sunt oglindite prin rezultatele discipolilor s\u0103i la concursurile raionale, republicane \u0219i interna\u021bionale. Competen\u021bele formate la discipoli denot\u0103 gradul de atitudine \u0219i responsabilitate al profesorilor \u00een lucrul cu copiii, promov\u00e2nd individualitatea, cultura \u0219i talentul, personalitatea creativ\u0103.<\/p><p><span style=\"font-family: Roboto, sans-serif; font-size: 17px; font-style: normal; font-variant-ligatures: normal; font-variant-caps: normal; font-weight: 400;\">\u00a0 \u00a0\u00a0<\/span><span style=\"font-family: Roboto, sans-serif; font-size: 17px; font-style: normal; font-variant-ligatures: normal; font-variant-caps: normal; font-weight: 400;\">\u00a0<\/span>\u00cen liceu activeaz\u0103 cercuri \u0219i sec\u021bii sportive, care reprezint\u0103 cu \u201ebrio\u201d la diverse concursuri locale, na\u021bionale \u0219i interna\u021bionale institu\u021bia noastr\u0103 \u00a0\u0219i \u00a0\u00eentregul ora\u0219 C\u0103u\u0219eni.<\/p><p>\u00cen parteneriat cu Casa Limbii Rom\u00e2ne C\u0103u\u0219eni \u0219i LT \u201eMihai Eminescu\u201d au fost organizate \u00eent\u00e2lniri de suflet cu personalit\u0103\u021bile: Ion Ungureanu, Grigore Vieru, Nicolae Dabija, Ion Iachim, Eugenia Bulat, Anatolie Petrencu, Iulian Filip, Efim Tarlapan, Igor \u0218arov,\u00a0 \u00eent\u00e2lniri ce \u0219i-au l\u0103sat amprenta \u00een sufletele elevilor \u0219i a profesorilor.<\/p><p>\u00a0\u00a0\u00a0\u00a0 O fil\u0103 aparte \u00een activitatea liceului o constituie rela\u021biile de parteneriat cu alte institu\u021bii de \u00eenv\u0103\u021b\u0103m\u00e2nt \u0219i asocia\u021bii ob\u0219te\u0219ti: \u0218coala European\u0103 din Varese, Italia; \u00a0Asocia\u021bia Social\u0103 \u201eMoldova-Italia\u201d,\u00a0 \u00a0Varese, Italia; Asocia\u021bia Cultural\u0103 ,,Pro Basarabia \u0219i Bucovina\u201d, filiala Constan\u021ba; \u201eM. Eminescu\u201d, Constan\u021ba; ,,N. B\u0103lcescu\u201d, Medgidia; ,,E. Racovi\u021b\u0103\u201d , Techirghiol; ,,S.Haret\u201d, Tulcea; ,,N. Iorga\u201d, Negre\u0219ti; ,,I.Neculce\u201d, T\u00e2rgu-Frumos; ,,N.Teclu\u201d, Sibiu; ,,I.Luca\u201d, Vatra-Dornei; ,,\u0218tefan-Vod\u0103\u201d, \u0218tefan-Vod\u0103; Asocia\u021bia Ob\u0219teasc\u0103 \u201eChange for a better life\u201d, C\u0103u\u0219eni; Biblioteca Public\u0103 ,,I. Ungureanu\u201d din ora\u0219ul C\u0103u\u0219eni \u0219i multe alte institu\u021bii.<\/p>\t\t\t\t\t\t<\/div>\n\t\t\t\t<\/div>\n\t\t\t\t\t<\/div>\n\t\t<\/div>\n\t\t\t\t\t\t\t<\/div>\n\t\t<\/section>\n\t\t\t\t\t\t\t<\/div>\n\t\t","protected":false},"excerpt":{"rendered":"<p>Din istoria liceului ,,\u0218coala este p\u00e2rghia cea mai puternic\u0103 pe care se reazem\u0103 existen\u021ba \u0219i \u00een\u0103l\u021barea neamurilor. \u201d G. C\u0103linescu Liceul Teoretic \u201eMihai Eminescu\u201d a fost fondat \u00a0\u00een anul 1944, ini\u021bial ca \u0219coal\u0103 de \u0219apte ani, iar \u00een 1947, reorganizat \u00een \u0218coala Medie General\u0103 nr.1. Devine mai apoi una dintre cele mai bune institu\u021bii, cu [&hellip;]<\/p>\n","protected":false},"author":1,"featured_media":0,"parent":0,"menu_order":0,"comment_status":"closed","ping_status":"closed","template":"elementor_theme","meta":{"footnotes":""},"class_list":["post-231","page","type-page","status-publish","hentry","entry"],"_links":{"self":[{"href":"https:\/\/lteminescu.md\/index.php?rest_route=\/wp\/v2\/pages\/231","targetHints":{"allow":["GET"]}}],"collection":[{"href":"https:\/\/lteminescu.md\/index.php?rest_route=\/wp\/v2\/pages"}],"about":[{"href":"https:\/\/lteminescu.md\/index.php?rest_route=\/wp\/v2\/types\/page"}],"author":[{"embeddable":true,"href":"https:\/\/lteminescu.md\/index.php?rest_route=\/wp\/v2\/users\/1"}],"replies":[{"embeddable":true,"href":"https:\/\/lteminescu.md\/index.php?rest_route=%2Fwp%2Fv2%2Fcomments&post=231"}],"version-history":[{"count":70,"href":"https:\/\/lteminescu.md\/index.php?rest_route=\/wp\/v2\/pages\/231\/revisions"}],"predecessor-version":[{"id":1029,"href":"https:\/\/lteminescu.md\/index.php?rest_route=\/wp\/v2\/pages\/231\/revisions\/1029"}],"wp:attachment":[{"href":"https:\/\/lteminescu.md\/index.php?rest_route=%2Fwp%2Fv2%2Fmedia&parent=231"}],"curies":[{"name":"wp","href":"https:\/\/api.w.org\/{rel}","templated":true}]}}